{"id":233,"date":"2022-11-10T10:03:16","date_gmt":"2022-11-10T10:03:16","guid":{"rendered":"https:\/\/ttalo.iwn.co\/tietosuojaseloste\/"},"modified":"2023-01-25T06:56:10","modified_gmt":"2023-01-25T06:56:10","slug":"tietosuojaseloste","status":"publish","type":"page","link":"https:\/\/teekkaritalo.fi\/en\/tietosuojaseloste\/","title":{"rendered":"Privacy statement"},"content":{"rendered":"\n<section id=\"gmc4e9606\" class=\"wp-block-gutentor-m3 alignfull section-gmc4e9606 gutentor-module gutentor-container-cover\"><div class=\"grid-container\">\n<section id=\"gma6154de\" class=\"wp-block-gutentor-m4 section-gma6154de gutentor-module gutentor-advanced-columns\"><div class=\"grid-container\"><div class=\"grid-row\">\n<div id=\"col-gm367c00\" class=\"wp-block-gutentor-m4-col col-gm367c00 gutentor-single-column  grid-lg-12 grid-md-12 grid-12\"><div id=\"section-gm367c00\" class=\"section-gm367c00 gutentor-col-wrap\">\n<div id=\"section-g2dd861\" class=\"wp-block-gutentor-e1 section-g2dd861 gutentor-element gutentor-element-advanced-text\"><div class=\"gutentor-text-wrap\"><h3 class=\"gutentor-text\"><strong>PRIVACY STATEMENT OF TEEKKARITALO<\/strong><\/h3><\/div><\/div>\n\n\n\n<div id=\"section-g1a54d0\" class=\"wp-block-gutentor-e0 section-g1a54d0 gutentor-element gutentor-element-advanced-text\"><div class=\"gutentor-text-wrap\"><p class=\"gutentor-text\">Updated on November 6, 2022<br><br><strong>Registrar<\/strong>:<br>Teekkarilupi Oy<br>Kalervontie 7<br>90570 Oulu<br>Business ID: 0892027-4<br>talotomikunta@teekkaritalo.fi<br><br><strong>Registry name<\/strong>:<br>Customer register<\/p><\/div><\/div>\n<\/div><\/div>\n<\/div><\/div><\/section>\n<\/div><\/section>\n\n\n\n<section id=\"gm32d0ed8\" class=\"wp-block-gutentor-m3 alignfull section-gm32d0ed8 gutentor-module gutentor-container-cover has-color-bg has-custom-bg\"><div class=\"grid-container\">\n<section id=\"gm027a703\" class=\"wp-block-gutentor-m4 section-gm027a703 gutentor-module gutentor-advanced-columns\"><div class=\"grid-container\"><div class=\"grid-row\">\n<div id=\"col-gm2178bf\" class=\"wp-block-gutentor-m4-col col-gm2178bf gutentor-single-column  grid-lg-12 grid-md-12 grid-12\"><div id=\"section-gm2178bf\" class=\"section-gm2178bf gutentor-col-wrap\">\n<div id=\"section-gcf62ed\" class=\"wp-block-gutentor-e1 section-gcf62ed gutentor-element gutentor-element-advanced-text\"><div class=\"gutentor-text-wrap\"><h3 class=\"gutentor-text\"><strong>Basis and purpose of personal data processing<\/strong><\/h3><\/div><\/div>\n\n\n\n<div id=\"section-g8c1c9f\" class=\"wp-block-gutentor-e0 section-g8c1c9f gutentor-element gutentor-element-advanced-text\"><div class=\"gutentor-text-wrap\"><p class=\"gutentor-text\">The required contact information, incl. the collection of the renter's personal data is a prerequisite for concluding a contract between the renter and the customer. The basis for the processing of personal data is the implementation of the rights and obligations related to the service agreement between the renter and its customer. The purposes of use of personal data are managing customer relations between the renter and the customer, analysis, statistics, customer communication, organizing events, collecting feedback, user management of electronic services and investigation of error situations, and managing partner relations.<\/p><\/div><\/div>\n\n\n\n<div id=\"section-g92044a\" class=\"wp-block-gutentor-e1 section-g92044a gutentor-element gutentor-element-advanced-text\"><div class=\"gutentor-text-wrap\"><h3 class=\"gutentor-text\"><strong>Data content of the register<\/strong><\/h3><\/div><\/div>\n\n\n\n<div id=\"section-gcf102f\" class=\"wp-block-gutentor-e7 section-gcf102f gutentor-element gutentor-element-list\"><ul class=\"grid-row gutentor-grid-item-wrap list-indicator-icon\"><li class=\"gutentor-list-item grid-lg-12 grid-md-12 grid-12\"><span class=\"gutentor-single-item gutentor-single-item-0\"><span class=\"gutentor-list-item-wrap g-s-list-wrap\"><span class=\"gutentor-single-list-item-icon\"><i class=\"list-item-icon fas fa-arrow-right\"><\/i><\/span><span class=\"gutentor-list-item\"><p class=\"gutentor-single-item-title\">Name of the customer<\/p><\/span><\/span><\/span><\/li><li class=\"gutentor-list-item grid-lg-12 grid-md-12 grid-12\"><span class=\"gutentor-single-item gutentor-single-item-1\"><span class=\"gutentor-list-item-wrap g-s-list-wrap\"><span class=\"gutentor-single-list-item-icon\"><i class=\"list-item-icon fas fa-arrow-right\"><\/i><\/span><span class=\"gutentor-list-item\"><p class=\"gutentor-single-item-title\">Customer's address information<\/p><\/span><\/span><\/span><\/li><li class=\"gutentor-list-item grid-lg-12 grid-md-12 grid-12\"><span class=\"gutentor-single-item gutentor-single-item-2\"><span class=\"gutentor-list-item-wrap g-s-list-wrap\"><span class=\"gutentor-single-list-item-icon\"><i class=\"list-item-icon fas fa-arrow-right\"><\/i><\/span><span class=\"gutentor-list-item\"><p class=\"gutentor-single-item-title\">Customer's telephone number<\/p><\/span><\/span><\/span><\/li><li class=\"gutentor-list-item grid-lg-12 grid-md-12 grid-12\"><span class=\"gutentor-single-item gutentor-single-item-3\"><span class=\"gutentor-list-item-wrap g-s-list-wrap\"><span class=\"gutentor-single-list-item-icon\"><i class=\"list-item-icon fas fa-arrow-right\"><\/i><\/span><span class=\"gutentor-list-item\"><p class=\"gutentor-single-item-title\">Customer's e-mail address<\/p><\/span><\/span><\/span><\/li><li class=\"gutentor-list-item grid-lg-12 grid-md-12 grid-12\"><span class=\"gutentor-single-item gutentor-single-item-4\"><span class=\"gutentor-list-item-wrap g-s-list-wrap\"><span class=\"gutentor-single-list-item-icon\"><i class=\"list-item-icon fas fa-arrow-right\"><\/i><\/span><span class=\"gutentor-list-item\"><p class=\"gutentor-single-item-title\">The entity represented by the customer or, in its absence, the date of birth<\/p><\/span><\/span><\/span><\/li><li class=\"gutentor-list-item grid-lg-12 grid-md-12 grid-12\"><span class=\"gutentor-single-item gutentor-single-item-5\"><span class=\"gutentor-list-item-wrap g-s-list-wrap\"><span class=\"gutentor-single-list-item-icon\"><i class=\"list-item-icon fas fa-arrow-right\"><\/i><\/span><span class=\"gutentor-list-item\"><p class=\"gutentor-single-item-title\">Other information related to the order<\/p><\/span><\/span><\/span><\/li><\/ul><\/div>\n\n\n\n<div id=\"section-g08e6e5\" class=\"wp-block-gutentor-e1 section-g08e6e5 gutentor-element gutentor-element-advanced-text\"><div class=\"gutentor-text-wrap\"><h3 class=\"gutentor-text\"><strong>Recipients of personal data<\/strong><\/h3><\/div><\/div>\n\n\n\n<div id=\"section-g52c128\" class=\"wp-block-gutentor-e0 section-g52c128 gutentor-element gutentor-element-advanced-text\"><div class=\"gutentor-text-wrap\"><p class=\"gutentor-text\">Personal data is processed by the renter\u2019s operators. In addition, the personal data processor is a service provider whose server the data is stored on.<\/p><\/div><\/div>\n\n\n\n<div id=\"section-g115b50\" class=\"wp-block-gutentor-e1 section-g115b50 gutentor-element gutentor-element-advanced-text\"><div class=\"gutentor-text-wrap\"><h3 class=\"gutentor-text\"><strong>Collection of personal data<\/strong><\/h3><\/div><\/div>\n\n\n\n<div id=\"section-g9c343d\" class=\"wp-block-gutentor-e0 section-g9c343d gutentor-element gutentor-element-advanced-text\"><div class=\"gutentor-text-wrap\"><p class=\"gutentor-text\">Personal data is only collected when renting Teekkaritalo property, or if the renter changes the data by contacting the data controller. The registered person can add, update and delete collected data by asking the controller to make the changes.<\/p><\/div><\/div>\n\n\n\n<div id=\"section-g98f9e4\" class=\"wp-block-gutentor-e1 section-g98f9e4 gutentor-element gutentor-element-advanced-text\"><div class=\"gutentor-text-wrap\"><h3 class=\"gutentor-text\"><strong>Transfer of personal data<\/strong><\/h3><\/div><\/div>\n\n\n\n<div id=\"section-gd24e4e\" class=\"wp-block-gutentor-e0 section-gd24e4e gutentor-element gutentor-element-advanced-text\"><div class=\"gutentor-text-wrap\"><p class=\"gutentor-text\">Personal data will not be disclosed to external parties, without a separate agreement on data disclosure. In exceptional cases, personal data may be disclosed to the relevant authority or other public entity, if the requirement is based on the law.<\/p><\/div><\/div>\n\n\n\n<div id=\"section-g3a423b\" class=\"wp-block-gutentor-e1 section-g3a423b gutentor-element gutentor-element-advanced-text\"><div class=\"gutentor-text-wrap\"><h3 class=\"gutentor-text\"><strong>Registry protection<\/strong><\/h3><\/div><\/div>\n\n\n\n<div id=\"section-gcf0215\" class=\"wp-block-gutentor-e0 section-gcf0215 gutentor-element gutentor-element-advanced-text\"><div class=\"gutentor-text-wrap\"><p class=\"gutentor-text\">Only the data processors mentioned in this statement have access to the data in the register. To collect and store personal data, the controller only uses service providers who are committed to complying with the personal data processing methods in accordance with the EU Data Protection Regulation, who process the data in strict confidence, do not use the stored personal data for any of their own purposes, do not pass it on, and who have appropriate protections in place.<\/p><\/div><\/div>\n\n\n\n<div id=\"section-gc5e1c9\" class=\"wp-block-gutentor-e1 section-gc5e1c9 gutentor-element gutentor-element-advanced-text\"><div class=\"gutentor-text-wrap\"><h3 class=\"gutentor-text\"><strong>Transfer of personal data outside the EU<\/strong><\/h3><\/div><\/div>\n\n\n\n<div id=\"section-gb87d13\" class=\"wp-block-gutentor-e0 section-gb87d13 gutentor-element gutentor-element-advanced-text\"><div class=\"gutentor-text-wrap\"><p class=\"gutentor-text\">The service provider storing personal data may transfer and process the data outside the EU. The renter uses only reliable service providers that operate in accordance with the EU data protection regulation.<\/p><\/div><\/div>\n\n\n\n<div id=\"section-gd9defd\" class=\"wp-block-gutentor-e1 section-gd9defd gutentor-element gutentor-element-advanced-text\"><div class=\"gutentor-text-wrap\"><h3 class=\"gutentor-text\"><strong>Personal data retention period<\/strong><\/h3><\/div><\/div>\n\n\n\n<div id=\"section-g3853d7\" class=\"wp-block-gutentor-e0 section-g3853d7 gutentor-element gutentor-element-advanced-text\"><div class=\"gutentor-text-wrap\"><p class=\"gutentor-text\">The customer's information, incl. personal data will be kept in the register for the time being. The basis for data retention is the realization of the rights of the data controller, as well as the smoothness, maintenance and communication of mutually beneficial cooperation.<\/p><\/div><\/div>\n\n\n\n<div id=\"section-g618a8f\" class=\"wp-block-gutentor-e1 section-g618a8f gutentor-element gutentor-element-advanced-text\"><div class=\"gutentor-text-wrap\"><h3 class=\"gutentor-text\"><strong>Rights of the registrant<\/strong><\/h3><\/div><\/div>\n\n\n\n<div id=\"section-g400020\" class=\"wp-block-gutentor-e7 section-g400020 gutentor-element gutentor-element-list\"><ul class=\"grid-row gutentor-grid-item-wrap list-indicator-icon\"><li class=\"gutentor-list-item grid-lg-12 grid-md-12 grid-12\"><span class=\"gutentor-single-item gutentor-single-item-0\"><span class=\"gutentor-list-item-wrap g-s-list-wrap\"><span class=\"gutentor-single-list-item-icon\"><i class=\"list-item-icon fas fa-arrow-right\"><\/i><\/span><span class=\"gutentor-list-item\"><p class=\"gutentor-single-item-title\">the right to receive information about the processing of personal data<\/p><\/span><\/span><\/span><\/li><li class=\"gutentor-list-item grid-lg-12 grid-md-12 grid-12\"><span class=\"gutentor-single-item gutentor-single-item-1\"><span class=\"gutentor-list-item-wrap g-s-list-wrap\"><span class=\"gutentor-single-list-item-icon\"><i class=\"list-item-icon fas fa-arrow-right\"><\/i><\/span><span class=\"gutentor-list-item\"><p class=\"gutentor-single-item-title\">the right to view the information<\/p><\/span><\/span><\/span><\/li><li class=\"gutentor-list-item grid-lg-12 grid-md-12 grid-12\"><span class=\"gutentor-single-item gutentor-single-item-2\"><span class=\"gutentor-list-item-wrap g-s-list-wrap\"><span class=\"gutentor-single-list-item-icon\"><i class=\"list-item-icon fas fa-arrow-right\"><\/i><\/span><span class=\"gutentor-list-item\"><p class=\"gutentor-single-item-title\">the right to correct information<\/p><\/span><\/span><\/span><\/li><li class=\"gutentor-list-item grid-lg-12 grid-md-12 grid-12\"><span class=\"gutentor-single-item gutentor-single-item-3\"><span class=\"gutentor-list-item-wrap g-s-list-wrap\"><span class=\"gutentor-single-list-item-icon\"><i class=\"list-item-icon fas fa-arrow-right\"><\/i><\/span><span class=\"gutentor-list-item\"><p class=\"gutentor-single-item-title\">the right to delete the data<\/p><\/span><\/span><\/span><\/li><li class=\"gutentor-list-item grid-lg-12 grid-md-12 grid-12\"><span class=\"gutentor-single-item gutentor-single-item-4\"><span class=\"gutentor-list-item-wrap g-s-list-wrap\"><span class=\"gutentor-single-list-item-icon\"><i class=\"list-item-icon fas fa-arrow-right\"><\/i><\/span><span class=\"gutentor-list-item\"><p class=\"gutentor-single-item-title\">the right to restrict data processing<\/p><\/span><\/span><\/span><\/li><li class=\"gutentor-list-item grid-lg-12 grid-md-12 grid-12\"><span class=\"gutentor-single-item gutentor-single-item-5\"><span class=\"gutentor-list-item-wrap g-s-list-wrap\"><span class=\"gutentor-single-list-item-icon\"><i class=\"list-item-icon fas fa-arrow-right\"><\/i><\/span><span class=\"gutentor-list-item\"><p class=\"gutentor-single-item-title\">the right to transfer data from one system to another<\/p><\/span><\/span><\/span><\/li><li class=\"gutentor-list-item grid-lg-12 grid-md-12 grid-12\"><span class=\"gutentor-single-item gutentor-single-item-6\"><span class=\"gutentor-list-item-wrap g-s-list-wrap\"><span class=\"gutentor-single-list-item-icon\"><i class=\"list-item-icon fas fa-arrow-right\"><\/i><\/span><span class=\"gutentor-list-item\"><p class=\"gutentor-single-item-title\">the right not to be subject to automatic decision-making without a legal basis<\/p><\/span><\/span><\/span><\/li><li class=\"gutentor-list-item grid-lg-12 grid-md-12 grid-12\"><span class=\"gutentor-single-item gutentor-single-item-7\"><span class=\"gutentor-list-item-wrap g-s-list-wrap\"><span class=\"gutentor-single-list-item-icon\"><i class=\"list-item-icon fas fa-arrow-right\"><\/i><\/span><span class=\"gutentor-list-item\"><p class=\"gutentor-single-item-title\">The registered person has the right to object to the processing of personal data for direct marketing purposes.<\/p><\/span><\/span><\/span><\/li><li class=\"gutentor-list-item grid-lg-12 grid-md-12 grid-12\"><span class=\"gutentor-single-item gutentor-single-item-8\"><span class=\"gutentor-list-item-wrap g-s-list-wrap\"><span class=\"gutentor-single-list-item-icon\"><i class=\"list-item-icon fas fa-arrow-right\"><\/i><\/span><span class=\"gutentor-list-item\"><p class=\"gutentor-single-item-title\">All requests should be directed to the e-mail address of the data controller given at the beginning of this document.<\/p><\/span><\/span><\/span><\/li><\/ul><\/div>\n\n\n\n<div id=\"section-gdf9a60\" class=\"wp-block-gutentor-e1 section-gdf9a60 gutentor-element gutentor-element-advanced-text\"><div class=\"gutentor-text-wrap\"><h3 class=\"gutentor-text\"><strong>The right to file a complaint with the supervisory authority<\/strong><\/h3><\/div><\/div>\n\n\n\n<div id=\"section-g6167bf\" class=\"wp-block-gutentor-e0 section-g6167bf gutentor-element gutentor-element-advanced-text\"><div class=\"gutentor-text-wrap\"><p class=\"gutentor-text\">EU:n tietosuoja-asetuksen mukaan jokaisella rekister\u00f6idyll\u00e4 on oikeus tehd\u00e4 kantelu valvontaviranomaiselle, erityisesti siin\u00e4 j\u00e4senvaltiossa, jossa h\u00e4nen vakinainen asuinpaikkansa tai ty\u00f6paikkansa on tai jossa v\u00e4itetty tietosuoja-asetuksen rikkominen on tapahtunut.<br><br>Automatic decision making and profiling<br><br>Personal data is not used for automatic decision-making or profiling.<br><br>Availability of commentary<br><br>This statement can be viewed at [link]<\/p><\/div><\/div>\n\n\n\n<div id=\"section-g592a0c\" class=\"wp-block-gutentor-e1 section-g592a0c gutentor-element gutentor-element-advanced-text\"><div class=\"gutentor-text-wrap\"><h3 class=\"gutentor-text\"><strong>Automatic decision making and profiling<\/strong><\/h3><\/div><\/div>\n\n\n\n<div id=\"section-g0d50cd\" class=\"wp-block-gutentor-e0 section-g0d50cd gutentor-element gutentor-element-advanced-text\"><div class=\"gutentor-text-wrap\"><p class=\"gutentor-text\">Personal data is not used for automatic decision-making or profiling.<\/p><\/div><\/div>\n\n\n\n<div id=\"section-gbb132d\" class=\"wp-block-gutentor-e1 section-gbb132d gutentor-element gutentor-element-advanced-text\"><div class=\"gutentor-text-wrap\"><h3 class=\"gutentor-text\"><strong>Availability of commentary<\/strong><\/h3><\/div><\/div>\n\n\n\n<div id=\"section-g8c6a8c\" class=\"wp-block-gutentor-e0 section-g8c6a8c gutentor-element gutentor-element-advanced-text\"><div class=\"gutentor-text-wrap\"><p class=\"gutentor-text\">This statement can be viewed at <a href=\"\/en\/tietosuojaseloste\/\">teekkaritalo.fi<\/a>.<\/p><\/div><\/div>\n<\/div><\/div>\n<\/div><\/div><\/section>\n<\/div><\/section>\n","protected":false},"excerpt":{"rendered":"","protected":false},"author":1,"featured_media":0,"parent":0,"menu_order":0,"comment_status":"closed","ping_status":"closed","template":"","meta":{"_acf_changed":false,"footnotes":""},"class_list":["post-233","page","type-page","status-publish"],"acf":[],"yoast_head":"<!-- This site is optimized with the Yoast SEO plugin v27.5 - https:\/\/yoast.com\/product\/yoast-seo-wordpress\/ -->\n<title>Privacy statement - Teekkarilupi Oy<\/title>\n<meta name=\"robots\" content=\"index, follow, max-snippet:-1, max-image-preview:large, max-video-preview:-1\" \/>\n<link rel=\"canonical\" href=\"https:\/\/teekkaritalo.fi\/en\/tietosuojaseloste\/\" \/>\n<meta property=\"og:locale\" content=\"en_US\" \/>\n<meta property=\"og:type\" content=\"article\" \/>\n<meta property=\"og:title\" content=\"Privacy statement - Teekkarilupi Oy\" \/>\n<meta property=\"og:url\" content=\"https:\/\/teekkaritalo.fi\/en\/tietosuojaseloste\/\" \/>\n<meta property=\"og:site_name\" content=\"Teekkarilupi Oy\" \/>\n<meta property=\"article:modified_time\" content=\"2023-01-25T06:56:10+00:00\" \/>\n<meta name=\"twitter:card\" content=\"summary_large_image\" \/>\n<meta name=\"twitter:label1\" content=\"Est. reading time\" \/>\n\t<meta name=\"twitter:data1\" content=\"3 minutes\" \/>\n<script type=\"application\/ld+json\" class=\"yoast-schema-graph\">{\"@context\":\"https:\\\/\\\/schema.org\",\"@graph\":[{\"@type\":\"WebPage\",\"@id\":\"https:\\\/\\\/teekkaritalo.fi\\\/en\\\/tietosuojaseloste\\\/\",\"url\":\"https:\\\/\\\/teekkaritalo.fi\\\/en\\\/tietosuojaseloste\\\/\",\"name\":\"Privacy statement - Teekkarilupi Oy\",\"isPartOf\":{\"@id\":\"https:\\\/\\\/teekkaritalo.fi\\\/#website\"},\"datePublished\":\"2022-11-10T10:03:16+00:00\",\"dateModified\":\"2023-01-25T06:56:10+00:00\",\"breadcrumb\":{\"@id\":\"https:\\\/\\\/teekkaritalo.fi\\\/en\\\/tietosuojaseloste\\\/#breadcrumb\"},\"inLanguage\":\"en-US\",\"potentialAction\":[{\"@type\":\"ReadAction\",\"target\":[\"https:\\\/\\\/teekkaritalo.fi\\\/en\\\/tietosuojaseloste\\\/\"]}]},{\"@type\":\"BreadcrumbList\",\"@id\":\"https:\\\/\\\/teekkaritalo.fi\\\/en\\\/tietosuojaseloste\\\/#breadcrumb\",\"itemListElement\":[{\"@type\":\"ListItem\",\"position\":1,\"name\":\"Etusivu\",\"item\":\"https:\\\/\\\/teekkaritalo.fi\\\/en\\\/\"},{\"@type\":\"ListItem\",\"position\":2,\"name\":\"Privacy statement\"}]},{\"@type\":\"WebSite\",\"@id\":\"https:\\\/\\\/teekkaritalo.fi\\\/#website\",\"url\":\"https:\\\/\\\/teekkaritalo.fi\\\/\",\"name\":\"Teekkaritalo\",\"description\":\"Teekkarilupi Oy- upeat tilat ja puitteet onnistuneelle tapahtumalle\",\"publisher\":{\"@id\":\"https:\\\/\\\/teekkaritalo.fi\\\/#organization\"},\"potentialAction\":[{\"@type\":\"SearchAction\",\"target\":{\"@type\":\"EntryPoint\",\"urlTemplate\":\"https:\\\/\\\/teekkaritalo.fi\\\/?s={search_term_string}\"},\"query-input\":{\"@type\":\"PropertyValueSpecification\",\"valueRequired\":true,\"valueName\":\"search_term_string\"}}],\"inLanguage\":\"en-US\"},{\"@type\":\"Organization\",\"@id\":\"https:\\\/\\\/teekkaritalo.fi\\\/#organization\",\"name\":\"Teekkaritalo\",\"url\":\"https:\\\/\\\/teekkaritalo.fi\\\/\",\"logo\":{\"@type\":\"ImageObject\",\"inLanguage\":\"en-US\",\"@id\":\"https:\\\/\\\/teekkaritalo.fi\\\/#\\\/schema\\\/logo\\\/image\\\/\",\"url\":\"https:\\\/\\\/teekkaritalo.fi\\\/wp-content\\\/uploads\\\/2022\\\/11\\\/talo_logo_musta.jpg\",\"contentUrl\":\"https:\\\/\\\/teekkaritalo.fi\\\/wp-content\\\/uploads\\\/2022\\\/11\\\/talo_logo_musta.jpg\",\"width\":700,\"height\":400,\"caption\":\"Teekkaritalo\"},\"image\":{\"@id\":\"https:\\\/\\\/teekkaritalo.fi\\\/#\\\/schema\\\/logo\\\/image\\\/\"}}]}<\/script>\n<!-- \/ Yoast SEO plugin. -->","yoast_head_json":{"title":"Privacy statement - Teekkarilupi Oy","robots":{"index":"index","follow":"follow","max-snippet":"max-snippet:-1","max-image-preview":"max-image-preview:large","max-video-preview":"max-video-preview:-1"},"canonical":"https:\/\/teekkaritalo.fi\/en\/tietosuojaseloste\/","og_locale":"en_US","og_type":"article","og_title":"Privacy statement - Teekkarilupi Oy","og_url":"https:\/\/teekkaritalo.fi\/en\/tietosuojaseloste\/","og_site_name":"Teekkarilupi Oy","article_modified_time":"2023-01-25T06:56:10+00:00","twitter_card":"summary_large_image","twitter_misc":{"Est. reading time":"3 minutes"},"schema":{"@context":"https:\/\/schema.org","@graph":[{"@type":"WebPage","@id":"https:\/\/teekkaritalo.fi\/en\/tietosuojaseloste\/","url":"https:\/\/teekkaritalo.fi\/en\/tietosuojaseloste\/","name":"Privacy statement - Teekkarilupi Oy","isPartOf":{"@id":"https:\/\/teekkaritalo.fi\/#website"},"datePublished":"2022-11-10T10:03:16+00:00","dateModified":"2023-01-25T06:56:10+00:00","breadcrumb":{"@id":"https:\/\/teekkaritalo.fi\/en\/tietosuojaseloste\/#breadcrumb"},"inLanguage":"en-US","potentialAction":[{"@type":"ReadAction","target":["https:\/\/teekkaritalo.fi\/en\/tietosuojaseloste\/"]}]},{"@type":"BreadcrumbList","@id":"https:\/\/teekkaritalo.fi\/en\/tietosuojaseloste\/#breadcrumb","itemListElement":[{"@type":"ListItem","position":1,"name":"Etusivu","item":"https:\/\/teekkaritalo.fi\/en\/"},{"@type":"ListItem","position":2,"name":"Privacy statement"}]},{"@type":"WebSite","@id":"https:\/\/teekkaritalo.fi\/#website","url":"https:\/\/teekkaritalo.fi\/","name":"Teekkaritalo","description":"Teekkarilupi Oy- upeat tilat ja puitteet onnistuneelle tapahtumalle","publisher":{"@id":"https:\/\/teekkaritalo.fi\/#organization"},"potentialAction":[{"@type":"SearchAction","target":{"@type":"EntryPoint","urlTemplate":"https:\/\/teekkaritalo.fi\/?s={search_term_string}"},"query-input":{"@type":"PropertyValueSpecification","valueRequired":true,"valueName":"search_term_string"}}],"inLanguage":"en-US"},{"@type":"Organization","@id":"https:\/\/teekkaritalo.fi\/#organization","name":"Teekkaritalo","url":"https:\/\/teekkaritalo.fi\/","logo":{"@type":"ImageObject","inLanguage":"en-US","@id":"https:\/\/teekkaritalo.fi\/#\/schema\/logo\/image\/","url":"https:\/\/teekkaritalo.fi\/wp-content\/uploads\/2022\/11\/talo_logo_musta.jpg","contentUrl":"https:\/\/teekkaritalo.fi\/wp-content\/uploads\/2022\/11\/talo_logo_musta.jpg","width":700,"height":400,"caption":"Teekkaritalo"},"image":{"@id":"https:\/\/teekkaritalo.fi\/#\/schema\/logo\/image\/"}}]}},"_links":{"self":[{"href":"https:\/\/teekkaritalo.fi\/en\/wp-json\/wp\/v2\/pages\/233","targetHints":{"allow":["GET"]}}],"collection":[{"href":"https:\/\/teekkaritalo.fi\/en\/wp-json\/wp\/v2\/pages"}],"about":[{"href":"https:\/\/teekkaritalo.fi\/en\/wp-json\/wp\/v2\/types\/page"}],"author":[{"embeddable":true,"href":"https:\/\/teekkaritalo.fi\/en\/wp-json\/wp\/v2\/users\/1"}],"replies":[{"embeddable":true,"href":"https:\/\/teekkaritalo.fi\/en\/wp-json\/wp\/v2\/comments?post=233"}],"version-history":[{"count":11,"href":"https:\/\/teekkaritalo.fi\/en\/wp-json\/wp\/v2\/pages\/233\/revisions"}],"predecessor-version":[{"id":598,"href":"https:\/\/teekkaritalo.fi\/en\/wp-json\/wp\/v2\/pages\/233\/revisions\/598"}],"wp:attachment":[{"href":"https:\/\/teekkaritalo.fi\/en\/wp-json\/wp\/v2\/media?parent=233"}],"curies":[{"name":"wp","href":"https:\/\/api.w.org\/{rel}","templated":true}]}}